{"id":3375,"date":"2019-09-21T09:44:45","date_gmt":"2019-09-21T07:44:45","guid":{"rendered":"https:\/\/katolikgroup.pl\/?page_id=3375"},"modified":"2023-10-09T14:57:25","modified_gmt":"2023-10-09T12:57:25","slug":"zpravy","status":"publish","type":"page","link":"https:\/\/katolikgroup.pl\/cs\/zpravy\/","title":{"rendered":"Zpr\u00e1vy"},"content":{"rendered":"\t\t<div data-elementor-type=\"wp-page\" data-elementor-id=\"3375\" class=\"elementor elementor-3375 elementor-138\" data-elementor-post-type=\"page\">\n\t\t\t\t\t\t\t\t\t<section class=\"elementor-section elementor-top-section elementor-element elementor-element-e8228df elementor-section-boxed elementor-section-height-default elementor-section-height-default\" data-id=\"e8228df\" data-element_type=\"section\">\n\t\t\t\t\t\t<div class=\"elementor-container elementor-column-gap-default\">\n\t\t\t\t\t<div class=\"aux-parallax-section elementor-column elementor-col-100 elementor-top-column elementor-element elementor-element-6791380\" data-id=\"6791380\" data-element_type=\"column\">\n\t\t\t<div class=\"elementor-widget-wrap elementor-element-populated\">\n\t\t\t\t\t\t\t\t<div class=\"elementor-element elementor-element-0555c6d aux-appear-watch-animation aux-fade-in-up elementor-widget elementor-widget-aux_modern_heading\" data-id=\"0555c6d\" data-element_type=\"widget\" data-widget_type=\"aux_modern_heading.default\">\n\t\t\t\t<div class=\"elementor-widget-container\">\n\t\t\t<section class=\"aux-widget-modern-heading\">\n            <div class=\"aux-widget-inner\"><h2 class=\"aux-modern-heading-primary\"><\/h2><\/div>\n        <\/section>\t\t<\/div>\n\t\t\t\t<\/div>\n\t\t\t\t<div class=\"elementor-element elementor-element-294c52f aux-appear-watch-animation aux-fade-in elementor-widget elementor-widget-aux_recent_posts\" data-id=\"294c52f\" data-element_type=\"widget\" data-settings=\"{&quot;columns&quot;:&quot;2&quot;,&quot;columns_tablet&quot;:&quot;2&quot;,&quot;columns_mobile&quot;:&quot;1&quot;}\" data-widget_type=\"aux_recent_posts.default\">\n\t\t\t\t<div class=\"elementor-widget-container\">\n\t\t\t<section class=\"widget-container aux-widget-recent-posts aux-parent-aubc8ce895\"><div data-element-id=\"aubc8ce895\" class=\"aux-match-height aux-row aux-de-col2 aux-tb-col2 aux-mb-col1 aux-total-4 aux-grid-carousel-modern-layout aux-no-meta aux-ajax-view  \"><div class=\"aux-col post-3338\">\n                        <article class=\"post column-entry post-3338 type-post status-publish format-standard has-post-thumbnail hentry category-bez-kategorii\">\n                                                        <div class=\"entry-media\"><div class=\"aux-media-frame aux-media-image aux-image-mask\"><a href=\"https:\/\/katolikgroup.pl\/cs\/katolik-group-a-optoelectronic-inovace-a-technologie-v-centru-pozornosti\/\"><img fetchpriority=\"high\" decoding=\"async\" width=\"670\" height=\"600\" src=\"data:image\/gif;base64,R0lGODlhAQABAIAAAAAAAP\/\/\/yH5BAEAAAAALAAAAAABAAEAAAIBRAA7\" class=\"aux-attachment aux-featured-image attachment-670x600 aux-attachment-id-3268  aux-preload aux-blank\" alt=\"Optoelectronic-na-targach-krotka-historia\" data-ratio=\"1.01\" data-original-w=\"800\" sizes=\"auto\" data-srcset=\"https:\/\/katolikgroup.pl\/wp-content\/uploads\/2023\/09\/Optoelectronic-na-targach-krotka-historia-150x149.jpg 150w,https:\/\/katolikgroup.pl\/wp-content\/uploads\/2023\/09\/Optoelectronic-na-targach-krotka-historia-300x297.jpg 300w,https:\/\/katolikgroup.pl\/wp-content\/uploads\/2023\/09\/Optoelectronic-na-targach-krotka-historia-768x760.jpg 768w,https:\/\/katolikgroup.pl\/wp-content\/uploads\/2023\/09\/Optoelectronic-na-targach-krotka-historia-670x663.jpg 670w,https:\/\/katolikgroup.pl\/wp-content\/uploads\/2023\/09\/Optoelectronic-na-targach-krotka-historia-790x782.jpg 790w\" data-src=\"https:\/\/katolikgroup.pl\/wp-content\/uploads\/2023\/09\/Optoelectronic-na-targach-krotka-historia-670x663.jpg\" \/><\/a><\/div><\/div>\n                            \n                            <div class=\"entry-main\">\n                                                        \n                                <header class=\"entry-header\">\n                                \n                                    <h4 class=\"entry-title\">\n                                        <a href=\"https:\/\/katolikgroup.pl\/cs\/katolik-group-a-optoelectronic-inovace-a-technologie-v-centru-pozornosti\/\">\n                                            Katolik Group a OptoElectronic &#8211; inovace a technologie v centru pozornosti                                        <\/a>\n                                    <\/h4>\n                                                                    <div class=\"entry-format\">\n                                        <a href=\"https:\/\/katolikgroup.pl\/cs\/katolik-group-a-optoelectronic-inovace-a-technologie-v-centru-pozornosti\/\">\n                                            <div class=\"post-format format-\"> <\/div>\n                                        <\/a>\n                                    <\/div>\n                                <\/header>\n                                                            \n                                <div class=\"entry-info\">\n                                                                    <div class=\"entry-date\">\n                                        <a href=\"https:\/\/katolikgroup.pl\/cs\/katolik-group-a-optoelectronic-inovace-a-technologie-v-centru-pozornosti\/\">\n                                            <time datetime=\"2023-09-19T17:24:27+02:00\" title=\"2023-09-19T17:24:27+02:00\" >19 z\u00e1\u0159\u00ed, 2023<\/time>\n                                        <\/a>\n                                    <\/div>\n                                                                                                                                                                                                        <\/div>\n                            \n                                                            <div class=\"entry-content\">\n                                                                            <p>Jsme r\u00e1di, \u017ee m\u016f\u017eeme ozn\u00e1mit dal\u0161\u00ed d\u016fle\u017eit\u00fd krok v rozvoji Katolik Group \u2013 nav\u00e1z\u00e1n\u00ed strategick\u00e9ho partnerstv\u00ed se spole\u010dnost\u00ed OptoElectronic, jedn\u00edm z p\u0159edn\u00edch h ...<\/p><div class=\"clear\"><\/div>                                <\/div>\n                                                        \n                            <\/div>\n\n                        <\/article>\n<\/div><div class=\"aux-col post-3339\">\n                        <article class=\"post column-entry post-3339 type-post status-publish format-standard has-post-thumbnail hentry category-bez-kategorii\">\n                                                        <div class=\"entry-media\"><div class=\"aux-media-frame aux-media-image aux-image-mask\"><a href=\"https:\/\/katolikgroup.pl\/cs\/nova-kapitola-spoluprace-katolik-group-spojuje-sily-s-robaki-z-paki\/\"><img decoding=\"async\" width=\"670\" height=\"663\" src=\"data:image\/gif;base64,R0lGODlhAQABAIAAAAAAAP\/\/\/yH5BAEAAAAALAAAAAABAAEAAAIBRAA7\" class=\"aux-attachment aux-featured-image attachment-670x663.3 aux-attachment-id-3258  aux-preload aux-blank\" alt=\"robaki z paki\" data-ratio=\"1.01\" data-original-w=\"1024\" sizes=\"auto\" data-srcset=\"https:\/\/katolikgroup.pl\/wp-content\/uploads\/2023\/09\/robaki-zpai-150x149.webp 150w,https:\/\/katolikgroup.pl\/wp-content\/uploads\/2023\/09\/robaki-zpai-300x297.webp 300w,https:\/\/katolikgroup.pl\/wp-content\/uploads\/2023\/09\/robaki-zpai-768x760.webp 768w,https:\/\/katolikgroup.pl\/wp-content\/uploads\/2023\/09\/robaki-zpai-670x663.webp 670w,https:\/\/katolikgroup.pl\/wp-content\/uploads\/2023\/09\/robaki-zpai-1014x1003.webp 1014w\" data-src=\"https:\/\/katolikgroup.pl\/wp-content\/uploads\/2023\/09\/robaki-zpai-670x663.webp\" \/><\/a><\/div><\/div>\n                            \n                            <div class=\"entry-main\">\n                                                        \n                                <header class=\"entry-header\">\n                                \n                                    <h4 class=\"entry-title\">\n                                        <a href=\"https:\/\/katolikgroup.pl\/cs\/nova-kapitola-spoluprace-katolik-group-spojuje-sily-s-robaki-z-paki\/\">\n                                            Nov\u00e1 kapitola spolupr\u00e1ce: Katolik Group spojuje s\u00edly s Robaki z Paki                                        <\/a>\n                                    <\/h4>\n                                                                    <div class=\"entry-format\">\n                                        <a href=\"https:\/\/katolikgroup.pl\/cs\/nova-kapitola-spoluprace-katolik-group-spojuje-sily-s-robaki-z-paki\/\">\n                                            <div class=\"post-format format-\"> <\/div>\n                                        <\/a>\n                                    <\/div>\n                                <\/header>\n                                                            \n                                <div class=\"entry-info\">\n                                                                    <div class=\"entry-date\">\n                                        <a href=\"https:\/\/katolikgroup.pl\/cs\/nova-kapitola-spoluprace-katolik-group-spojuje-sily-s-robaki-z-paki\/\">\n                                            <time datetime=\"2023-09-01T16:06:32+02:00\" title=\"2023-09-01T16:06:32+02:00\" >1 z\u00e1\u0159\u00ed, 2023<\/time>\n                                        <\/a>\n                                    <\/div>\n                                                                                                                                                                                                        <\/div>\n                            \n                                                            <div class=\"entry-content\">\n                                                                            <p>Je n\u00e1m ct\u00ed ozn\u00e1mit dal\u0161\u00ed krok v rozvoji Katolik Group \u2013 nav\u00e1z\u00e1n\u00ed spolupr\u00e1ce s Robaki z Paki, odborn\u00edkem v oblasti udr\u017eiteln\u00e9ho zem\u011bd\u011blstv\u00ed a chovu hmyzu pro pot ...<\/p><div class=\"clear\"><\/div>                                <\/div>\n                                                        \n                            <\/div>\n\n                        <\/article>\n<\/div><div class=\"aux-col post-3340\">\n                        <article class=\"post column-entry post-3340 type-post status-publish format-standard has-post-thumbnail hentry category-bez-kategorii\">\n                                                        <div class=\"entry-media\"><div class=\"aux-media-frame aux-media-image aux-image-mask\"><a href=\"https:\/\/katolikgroup.pl\/cs\/frutavita-zacatek-spoluprace\/\"><img decoding=\"async\" width=\"670\" height=\"650\" src=\"data:image\/gif;base64,R0lGODlhAQABAIAAAAAAAP\/\/\/yH5BAEAAAAALAAAAAABAAEAAAIBRAA7\" class=\"aux-attachment aux-featured-image attachment-670x650 aux-attachment-id-3253  aux-preload aux-blank\" alt=\"olej s\u0142onecznikowy\" data-ratio=\"1.01\" data-original-w=\"1920\" sizes=\"auto\" data-srcset=\"https:\/\/katolikgroup.pl\/wp-content\/uploads\/2023\/09\/dostawy-chia-olej-slonecznikowy-1-150x149.jpg 150w,https:\/\/katolikgroup.pl\/wp-content\/uploads\/2023\/09\/dostawy-chia-olej-slonecznikowy-1-300x297.jpg 300w,https:\/\/katolikgroup.pl\/wp-content\/uploads\/2023\/09\/dostawy-chia-olej-slonecznikowy-1-768x760.jpg 768w,https:\/\/katolikgroup.pl\/wp-content\/uploads\/2023\/09\/dostawy-chia-olej-slonecznikowy-1-1024x1014.jpg 1024w,https:\/\/katolikgroup.pl\/wp-content\/uploads\/2023\/09\/dostawy-chia-olej-slonecznikowy-1-670x663.jpg 670w,https:\/\/katolikgroup.pl\/wp-content\/uploads\/2023\/09\/dostawy-chia-olej-slonecznikowy-1-1910x1890.jpg 1910w\" data-src=\"https:\/\/katolikgroup.pl\/wp-content\/uploads\/2023\/09\/dostawy-chia-olej-slonecznikowy-1-670x663.jpg\" \/><\/a><\/div><\/div>\n                            \n                            <div class=\"entry-main\">\n                                                        \n                                <header class=\"entry-header\">\n                                \n                                    <h4 class=\"entry-title\">\n                                        <a href=\"https:\/\/katolikgroup.pl\/cs\/frutavita-zacatek-spoluprace\/\">\n                                            FrutaVita &#8211; za\u010d\u00e1tek spolupr\u00e1ce!                                        <\/a>\n                                    <\/h4>\n                                                                    <div class=\"entry-format\">\n                                        <a href=\"https:\/\/katolikgroup.pl\/cs\/frutavita-zacatek-spoluprace\/\">\n                                            <div class=\"post-format format-\"> <\/div>\n                                        <\/a>\n                                    <\/div>\n                                <\/header>\n                                                            \n                                <div class=\"entry-info\">\n                                                                    <div class=\"entry-date\">\n                                        <a href=\"https:\/\/katolikgroup.pl\/cs\/frutavita-zacatek-spoluprace\/\">\n                                            <time datetime=\"2023-04-19T16:00:26+02:00\" title=\"2023-04-19T16:00:26+02:00\" >19 dubna, 2023<\/time>\n                                        <\/a>\n                                    <\/div>\n                                                                                                                                                                                                        <\/div>\n                            \n                                                            <div class=\"entry-content\">\n                                                                            <p>S pot\u011b\u0161en\u00edm oznamujeme nav\u00e1z\u00e1n\u00ed strategick\u00e9ho partnerstv\u00ed dvou renomovan\u00fdch spole\u010dnost\u00ed na polsk\u00e9m trhu \u2013 Katolik Group a FrutaVita. Toto sjednocen\u00ed dvou l\u00eddr\u016f  ...<\/p><div class=\"clear\"><\/div>                                <\/div>\n                                                        \n                            <\/div>\n\n                        <\/article>\n<\/div><div class=\"aux-col post-3341\">\n                        <article class=\"post column-entry post-3341 type-post status-publish format-standard has-post-thumbnail hentry category-bez-kategorii\">\n                                                        <div class=\"entry-media\"><div class=\"aux-media-frame aux-media-image aux-image-mask\"><a href=\"https:\/\/katolikgroup.pl\/cs\/je-lnene-semeno-vytlacovani-chia-semen-z-evropy\/\"><img loading=\"lazy\" decoding=\"async\" width=\"670\" height=\"663\" src=\"data:image\/gif;base64,R0lGODlhAQABAIAAAAAAAP\/\/\/yH5BAEAAAAALAAAAAABAAEAAAIBRAA7\" class=\"aux-attachment aux-featured-image attachment-670x663.3 aux-attachment-id-3053  aux-preload aux-blank\" alt=\"Flax seeds linseed superfood healthy organic food concept on dark background with copy space top view\" data-ratio=\"1.01\" data-original-w=\"1024\" sizes=\"auto\" data-srcset=\"https:\/\/katolikgroup.pl\/wp-content\/uploads\/2019\/09\/siemie-lniane-150x149.jpg 150w,https:\/\/katolikgroup.pl\/wp-content\/uploads\/2019\/09\/siemie-lniane-300x297.jpg 300w,https:\/\/katolikgroup.pl\/wp-content\/uploads\/2019\/09\/siemie-lniane-768x760.jpg 768w,https:\/\/katolikgroup.pl\/wp-content\/uploads\/2019\/09\/siemie-lniane-670x663.jpg 670w,https:\/\/katolikgroup.pl\/wp-content\/uploads\/2019\/09\/siemie-lniane-1014x1003.jpg 1014w\" data-src=\"https:\/\/katolikgroup.pl\/wp-content\/uploads\/2019\/09\/siemie-lniane-670x663.jpg\" \/><\/a><\/div><\/div>\n                            \n                            <div class=\"entry-main\">\n                                                        \n                                <header class=\"entry-header\">\n                                \n                                    <h4 class=\"entry-title\">\n                                        <a href=\"https:\/\/katolikgroup.pl\/cs\/je-lnene-semeno-vytlacovani-chia-semen-z-evropy\/\">\n                                            JE LN\u011aN\u00c9 SEMENO VYTLA\u010cOV\u00c1N\u00cd CHIA SEMEN Z EVROPY?                                        <\/a>\n                                    <\/h4>\n                                                                    <div class=\"entry-format\">\n                                        <a href=\"https:\/\/katolikgroup.pl\/cs\/je-lnene-semeno-vytlacovani-chia-semen-z-evropy\/\">\n                                            <div class=\"post-format format-\"> <\/div>\n                                        <\/a>\n                                    <\/div>\n                                <\/header>\n                                                            \n                                <div class=\"entry-info\">\n                                                                    <div class=\"entry-date\">\n                                        <a href=\"https:\/\/katolikgroup.pl\/cs\/je-lnene-semeno-vytlacovani-chia-semen-z-evropy\/\">\n                                            <time datetime=\"2020-01-27T20:52:00+01:00\" title=\"2020-01-27T20:52:00+01:00\" >27 ledna, 2020<\/time>\n                                        <\/a>\n                                    <\/div>\n                                                                                                                                                                                                        <\/div>\n                            \n                                                            <div class=\"entry-content\">\n                                                                            <p>\r\nJak\u00e1 byla lo\u0148sk\u00e1 \u00faroda? Co zem\u011bd\u011blci z\u00edskaj\u00ed a co ztrat\u00ed? Jak\u00e9 produkty v zemi chyb\u00ed? Co je v\u00fdhodn\u00e9 dov\u00e1\u017eet? Na tyto a mnoh\u00e9 dal\u0161\u00ed ot\u00e1zky odpov\u011bd\u011bli Piotr J\u0119d ...<\/p><div class=\"clear\"><\/div>                                <\/div>\n                                                        \n                            <\/div>\n\n                        <\/article>\n<\/div><\/div><\/section><!-- widget-container -->\t\t<\/div>\n\t\t\t\t<\/div>\n\t\t\t\t\t<\/div>\n\t\t<\/div>\n\t\t\t\t\t\t\t<\/div>\n\t\t<\/section>\n\t\t\t\t\t\t\t<\/div>\n\t\t","protected":false},"excerpt":{"rendered":"<p>PASTY ORZECHOWE OD FRUTAVITY 31 stycznia, 2020 | Edit Ju\u017c s\u0105, pyszne naturalne pasty orzechowe migda\u0142owa daktylowa z orzechem laskowym i karobem Zapraszamy do naszego sklepu www.frutavita.pl SIEMI\u0118 LNIANE WYPIERA Z EUROPY NASIONA CHIA? 27 stycznia, 2020 | Edit Jakie by\u0142y ubieg\u0142oroczne zbiory?Na czym rolnicy zyskaj\u0105, a na czym strac\u0105?Jakich produkt\u00f3w brakuje w kraju?Co op\u0142aca [&hellip;]<\/p>\n","protected":false},"author":1,"featured_media":0,"parent":0,"menu_order":0,"comment_status":"closed","ping_status":"closed","template":"templates\/page-builder-content.php","meta":{"footnotes":""},"yoast_head":"<!-- This site is optimized with the Yoast SEO plugin v21.8 - https:\/\/yoast.com\/wordpress\/plugins\/seo\/ -->\n<title>Zpr\u00e1vy - Katolik Group<\/title>\n<meta name=\"robots\" content=\"index, follow, max-snippet:-1, max-image-preview:large, max-video-preview:-1\" \/>\n<link rel=\"canonical\" href=\"https:\/\/katolikgroup.pl\/cs\/zpravy\/\" \/>\n<meta property=\"og:locale\" content=\"cs_CZ\" \/>\n<meta property=\"og:type\" content=\"article\" \/>\n<meta property=\"og:title\" content=\"Zpr\u00e1vy - Katolik Group\" \/>\n<meta property=\"og:description\" content=\"PASTY ORZECHOWE OD FRUTAVITY 31 stycznia, 2020 | Edit Ju\u017c s\u0105, pyszne naturalne pasty orzechowe migda\u0142owa daktylowa z orzechem laskowym i karobem Zapraszamy do naszego sklepu www.frutavita.pl SIEMI\u0118 LNIANE WYPIERA Z EUROPY NASIONA CHIA? 27 stycznia, 2020 | Edit Jakie by\u0142y ubieg\u0142oroczne zbiory?Na czym rolnicy zyskaj\u0105, a na czym strac\u0105?Jakich produkt\u00f3w brakuje w kraju?Co op\u0142aca [&hellip;]\" \/>\n<meta property=\"og:url\" content=\"https:\/\/katolikgroup.pl\/cs\/zpravy\/\" \/>\n<meta property=\"og:site_name\" content=\"Katolik Group\" \/>\n<meta property=\"article:modified_time\" content=\"2023-10-09T12:57:25+00:00\" \/>\n<meta name=\"twitter:card\" content=\"summary_large_image\" \/>\n<meta name=\"twitter:label1\" content=\"Odhadovan\u00e1 doba \u010dten\u00ed\" \/>\n\t<meta name=\"twitter:data1\" content=\"3 minuty\" \/>\n<script type=\"application\/ld+json\" class=\"yoast-schema-graph\">{\"@context\":\"https:\/\/schema.org\",\"@graph\":[{\"@type\":\"WebPage\",\"@id\":\"https:\/\/katolikgroup.pl\/cs\/zpravy\/\",\"url\":\"https:\/\/katolikgroup.pl\/cs\/zpravy\/\",\"name\":\"Zpr\u00e1vy - Katolik Group\",\"isPartOf\":{\"@id\":\"https:\/\/katolikgroup.pl\/#website\"},\"datePublished\":\"2019-09-21T07:44:45+00:00\",\"dateModified\":\"2023-10-09T12:57:25+00:00\",\"breadcrumb\":{\"@id\":\"https:\/\/katolikgroup.pl\/cs\/zpravy\/#breadcrumb\"},\"inLanguage\":\"cs\",\"potentialAction\":[{\"@type\":\"ReadAction\",\"target\":[\"https:\/\/katolikgroup.pl\/cs\/zpravy\/\"]}]},{\"@type\":\"BreadcrumbList\",\"@id\":\"https:\/\/katolikgroup.pl\/cs\/zpravy\/#breadcrumb\",\"itemListElement\":[{\"@type\":\"ListItem\",\"position\":1,\"name\":\"Strona g\u0142\u00f3wna\",\"item\":\"https:\/\/katolikgroup.pl\/cs\/\"},{\"@type\":\"ListItem\",\"position\":2,\"name\":\"Zpr\u00e1vy\"}]},{\"@type\":\"WebSite\",\"@id\":\"https:\/\/katolikgroup.pl\/#website\",\"url\":\"https:\/\/katolikgroup.pl\/\",\"name\":\"Katolik Group\",\"description\":\"\",\"publisher\":{\"@id\":\"https:\/\/katolikgroup.pl\/#organization\"},\"potentialAction\":[{\"@type\":\"SearchAction\",\"target\":{\"@type\":\"EntryPoint\",\"urlTemplate\":\"https:\/\/katolikgroup.pl\/?s={search_term_string}\"},\"query-input\":\"required name=search_term_string\"}],\"inLanguage\":\"cs\"},{\"@type\":\"Organization\",\"@id\":\"https:\/\/katolikgroup.pl\/#organization\",\"name\":\"Katolik Group\",\"url\":\"https:\/\/katolikgroup.pl\/\",\"logo\":{\"@type\":\"ImageObject\",\"inLanguage\":\"cs\",\"@id\":\"https:\/\/katolikgroup.pl\/#\/schema\/logo\/image\/\",\"url\":\"https:\/\/katolikgroup.pl\/wp-content\/uploads\/2023\/10\/logo_katolik-.webp\",\"contentUrl\":\"https:\/\/katolikgroup.pl\/wp-content\/uploads\/2023\/10\/logo_katolik-.webp\",\"width\":120,\"height\":73,\"caption\":\"Katolik Group\"},\"image\":{\"@id\":\"https:\/\/katolikgroup.pl\/#\/schema\/logo\/image\/\"}}]}<\/script>\n<!-- \/ Yoast SEO plugin. -->","yoast_head_json":{"title":"Zpr\u00e1vy - Katolik Group","robots":{"index":"index","follow":"follow","max-snippet":"max-snippet:-1","max-image-preview":"max-image-preview:large","max-video-preview":"max-video-preview:-1"},"canonical":"https:\/\/katolikgroup.pl\/cs\/zpravy\/","og_locale":"cs_CZ","og_type":"article","og_title":"Zpr\u00e1vy - Katolik Group","og_description":"PASTY ORZECHOWE OD FRUTAVITY 31 stycznia, 2020 | Edit Ju\u017c s\u0105, pyszne naturalne pasty orzechowe migda\u0142owa daktylowa z orzechem laskowym i karobem Zapraszamy do naszego sklepu www.frutavita.pl SIEMI\u0118 LNIANE WYPIERA Z EUROPY NASIONA CHIA? 27 stycznia, 2020 | Edit Jakie by\u0142y ubieg\u0142oroczne zbiory?Na czym rolnicy zyskaj\u0105, a na czym strac\u0105?Jakich produkt\u00f3w brakuje w kraju?Co op\u0142aca [&hellip;]","og_url":"https:\/\/katolikgroup.pl\/cs\/zpravy\/","og_site_name":"Katolik Group","article_modified_time":"2023-10-09T12:57:25+00:00","twitter_card":"summary_large_image","twitter_misc":{"Odhadovan\u00e1 doba \u010dten\u00ed":"3 minuty"},"schema":{"@context":"https:\/\/schema.org","@graph":[{"@type":"WebPage","@id":"https:\/\/katolikgroup.pl\/cs\/zpravy\/","url":"https:\/\/katolikgroup.pl\/cs\/zpravy\/","name":"Zpr\u00e1vy - Katolik Group","isPartOf":{"@id":"https:\/\/katolikgroup.pl\/#website"},"datePublished":"2019-09-21T07:44:45+00:00","dateModified":"2023-10-09T12:57:25+00:00","breadcrumb":{"@id":"https:\/\/katolikgroup.pl\/cs\/zpravy\/#breadcrumb"},"inLanguage":"cs","potentialAction":[{"@type":"ReadAction","target":["https:\/\/katolikgroup.pl\/cs\/zpravy\/"]}]},{"@type":"BreadcrumbList","@id":"https:\/\/katolikgroup.pl\/cs\/zpravy\/#breadcrumb","itemListElement":[{"@type":"ListItem","position":1,"name":"Strona g\u0142\u00f3wna","item":"https:\/\/katolikgroup.pl\/cs\/"},{"@type":"ListItem","position":2,"name":"Zpr\u00e1vy"}]},{"@type":"WebSite","@id":"https:\/\/katolikgroup.pl\/#website","url":"https:\/\/katolikgroup.pl\/","name":"Katolik Group","description":"","publisher":{"@id":"https:\/\/katolikgroup.pl\/#organization"},"potentialAction":[{"@type":"SearchAction","target":{"@type":"EntryPoint","urlTemplate":"https:\/\/katolikgroup.pl\/?s={search_term_string}"},"query-input":"required name=search_term_string"}],"inLanguage":"cs"},{"@type":"Organization","@id":"https:\/\/katolikgroup.pl\/#organization","name":"Katolik Group","url":"https:\/\/katolikgroup.pl\/","logo":{"@type":"ImageObject","inLanguage":"cs","@id":"https:\/\/katolikgroup.pl\/#\/schema\/logo\/image\/","url":"https:\/\/katolikgroup.pl\/wp-content\/uploads\/2023\/10\/logo_katolik-.webp","contentUrl":"https:\/\/katolikgroup.pl\/wp-content\/uploads\/2023\/10\/logo_katolik-.webp","width":120,"height":73,"caption":"Katolik Group"},"image":{"@id":"https:\/\/katolikgroup.pl\/#\/schema\/logo\/image\/"}}]}},"_links":{"self":[{"href":"https:\/\/katolikgroup.pl\/cs\/wp-json\/wp\/v2\/pages\/3375"}],"collection":[{"href":"https:\/\/katolikgroup.pl\/cs\/wp-json\/wp\/v2\/pages"}],"about":[{"href":"https:\/\/katolikgroup.pl\/cs\/wp-json\/wp\/v2\/types\/page"}],"author":[{"embeddable":true,"href":"https:\/\/katolikgroup.pl\/cs\/wp-json\/wp\/v2\/users\/1"}],"replies":[{"embeddable":true,"href":"https:\/\/katolikgroup.pl\/cs\/wp-json\/wp\/v2\/comments?post=3375"}],"version-history":[{"count":0,"href":"https:\/\/katolikgroup.pl\/cs\/wp-json\/wp\/v2\/pages\/3375\/revisions"}],"wp:attachment":[{"href":"https:\/\/katolikgroup.pl\/cs\/wp-json\/wp\/v2\/media?parent=3375"}],"curies":[{"name":"wp","href":"https:\/\/api.w.org\/{rel}","templated":true}]}}